{"id":1174,"date":"2025-03-28T09:00:30","date_gmt":"2025-03-28T09:00:30","guid":{"rendered":"https:\/\/soluzioneglobale.net\/carbe25\/about\/"},"modified":"2025-07-25T09:08:22","modified_gmt":"2025-07-25T09:08:22","slug":"il-forno","status":"publish","type":"page","link":"https:\/\/soluzioneglobale.net\/carbe25\/il-forno\/","title":{"rendered":"Il forno"},"content":{"rendered":"\t\t<div data-elementor-type=\"wp-page\" data-elementor-id=\"1174\" class=\"elementor elementor-1174\">\n\t\t\t\t<div class=\"elementor-element elementor-element-d98598e e-flex e-con-boxed e-con e-parent\" data-id=\"d98598e\" data-element_type=\"container\" data-settings=\"{&quot;background_background&quot;:&quot;classic&quot;}\">\n\t\t\t\t\t<div class=\"e-con-inner\">\n\t\t<div class=\"elementor-element elementor-element-8e35f02 e-con-full e-flex e-con e-child\" data-id=\"8e35f02\" data-element_type=\"container\">\n\t\t<div class=\"elementor-element elementor-element-dc8a5d1 e-con-full e-flex e-con e-child\" data-id=\"dc8a5d1\" data-element_type=\"container\">\n\t\t<div class=\"elementor-element elementor-element-456a062 e-con-full e-flex e-con e-child\" data-id=\"456a062\" data-element_type=\"container\">\n\t\t\t\t<div class=\"elementor-element elementor-element-2c153d6 elementor-widget elementor-widget-heading\" data-id=\"2c153d6\" data-element_type=\"widget\" data-widget_type=\"heading.default\">\n\t\t\t\t<div class=\"elementor-widget-container\">\n\t\t\t\t\t<h1 class=\"elementor-heading-title elementor-size-default\">Il forno<\/h1>\t\t\t\t<\/div>\n\t\t\t\t<\/div>\n\t\t\t\t<\/div>\n\t\t<div class=\"elementor-element elementor-element-3fd0bca e-con-full e-flex e-con e-child\" data-id=\"3fd0bca\" data-element_type=\"container\">\n\t\t\t\t<div class=\"elementor-element elementor-element-4b0f8cb elementor-widget-divider--view-line elementor-widget elementor-widget-divider\" data-id=\"4b0f8cb\" data-element_type=\"widget\" data-widget_type=\"divider.default\">\n\t\t\t\t<div class=\"elementor-widget-container\">\n\t\t\t\t\t\t\t<div class=\"elementor-divider\">\n\t\t\t<span class=\"elementor-divider-separator\">\n\t\t\t\t\t\t<\/span>\n\t\t<\/div>\n\t\t\t\t\t\t<\/div>\n\t\t\t\t<\/div>\n\t\t\t\t<div class=\"elementor-element elementor-element-5d71d45 elementor-widget elementor-widget-heading\" data-id=\"5d71d45\" data-element_type=\"widget\" data-widget_type=\"heading.default\">\n\t\t\t\t<div class=\"elementor-widget-container\">\n\t\t\t\t\t<h3 class=\"elementor-heading-title elementor-size-default\">Panificio artigianale a Belvedere (SR)<\/h3>\t\t\t\t<\/div>\n\t\t\t\t<\/div>\n\t\t\t\t<div class=\"elementor-element elementor-element-b5f1814 elementor-widget elementor-widget-text-editor\" data-id=\"b5f1814\" data-element_type=\"widget\" data-widget_type=\"text-editor.default\">\n\t\t\t\t<div class=\"elementor-widget-container\">\n\t\t\t\t\t\t\t\t\t<p>Nel piccolo borgo di Belvedere, il panificio artigianale Carb\u00e8 offre l\u2019opportunit\u00e0 di gustare pane, biscotti, e dolci della tradizione di prima qualit\u00e0 grazie all\u2019utilizzo di grani antichi, ingredienti genuini e dalla filiera corta, lavorati artigianalmente con attenzione e amore, nel totale rispetto delle regole della tradizione.<\/p>\t\t\t\t\t\t\t\t<\/div>\n\t\t\t\t<\/div>\n\t\t\t\t<\/div>\n\t\t\t\t<\/div>\n\t\t\t\t<div class=\"elementor-element elementor-element-47a50b3 gallery-spacing-custom elementor-widget elementor-widget-image-gallery\" data-id=\"47a50b3\" data-element_type=\"widget\" data-widget_type=\"image-gallery.default\">\n\t\t\t\t<div class=\"elementor-widget-container\">\n\t\t\t\t\t\t\t<div class=\"elementor-image-gallery\">\n\t\t\t<div id='gallery-1' class='gallery galleryid-1174 gallery-columns-3 gallery-size-full'><figure class='gallery-item'>\n\t\t\t<div class='gallery-icon landscape'>\n\t\t\t\t<a data-elementor-open-lightbox=\"yes\" data-elementor-lightbox-slideshow=\"47a50b3\" data-elementor-lightbox-title=\"Panificio Antico Forno Carb\u00e8 - Belvedere (SR) 032\" data-e-action-hash=\"#elementor-action%3Aaction%3Dlightbox%26settings%3DeyJpZCI6MTY0NSwidXJsIjoiaHR0cHM6XC9cL3NvbHV6aW9uZWdsb2JhbGUubmV0XC9jYXJiZTI1XC93cC1jb250ZW50XC91cGxvYWRzXC8yMDI1XC8wNFwvUGFuaWZpY2lvLUFudGljby1Gb3Juby1DYXJiZS1CZWx2ZWRlcmUtU1ItMDMyLndlYnAiLCJzbGlkZXNob3ciOiI0N2E1MGIzIn0%3D\" href='https:\/\/soluzioneglobale.net\/carbe25\/wp-content\/uploads\/2025\/04\/Panificio-Antico-Forno-Carbe-Belvedere-SR-032.webp'><img fetchpriority=\"high\" decoding=\"async\" width=\"1335\" height=\"890\" src=\"https:\/\/soluzioneglobale.net\/carbe25\/wp-content\/uploads\/2025\/04\/Panificio-Antico-Forno-Carbe-Belvedere-SR-032.webp\" class=\"attachment-full size-full\" alt=\"Panificio Antico Forno Carb\u00e8 &#8211; Belvedere (SR) 032\" srcset=\"https:\/\/soluzioneglobale.net\/carbe25\/wp-content\/uploads\/2025\/04\/Panificio-Antico-Forno-Carbe-Belvedere-SR-032.webp 1335w, https:\/\/soluzioneglobale.net\/carbe25\/wp-content\/uploads\/2025\/04\/Panificio-Antico-Forno-Carbe-Belvedere-SR-032-300x200.webp 300w, https:\/\/soluzioneglobale.net\/carbe25\/wp-content\/uploads\/2025\/04\/Panificio-Antico-Forno-Carbe-Belvedere-SR-032-1024x683.webp 1024w, https:\/\/soluzioneglobale.net\/carbe25\/wp-content\/uploads\/2025\/04\/Panificio-Antico-Forno-Carbe-Belvedere-SR-032-768x512.webp 768w, https:\/\/soluzioneglobale.net\/carbe25\/wp-content\/uploads\/2025\/04\/Panificio-Antico-Forno-Carbe-Belvedere-SR-032-600x400.webp 600w\" sizes=\"(max-width: 1335px) 100vw, 1335px\" \/><\/a>\n\t\t\t<\/div><\/figure><figure class='gallery-item'>\n\t\t\t<div class='gallery-icon landscape'>\n\t\t\t\t<a data-elementor-open-lightbox=\"yes\" data-elementor-lightbox-slideshow=\"47a50b3\" data-elementor-lightbox-title=\"Panificio Antico Forno Carb\u00e8 - Belvedere (SR) 047\" data-e-action-hash=\"#elementor-action%3Aaction%3Dlightbox%26settings%3DeyJpZCI6MTY0NiwidXJsIjoiaHR0cHM6XC9cL3NvbHV6aW9uZWdsb2JhbGUubmV0XC9jYXJiZTI1XC93cC1jb250ZW50XC91cGxvYWRzXC8yMDI1XC8wNFwvUGFuaWZpY2lvLUFudGljby1Gb3Juby1DYXJiZS1CZWx2ZWRlcmUtU1ItMDQ3LndlYnAiLCJzbGlkZXNob3ciOiI0N2E1MGIzIn0%3D\" href='https:\/\/soluzioneglobale.net\/carbe25\/wp-content\/uploads\/2025\/04\/Panificio-Antico-Forno-Carbe-Belvedere-SR-047.webp'><img decoding=\"async\" width=\"834\" height=\"557\" src=\"https:\/\/soluzioneglobale.net\/carbe25\/wp-content\/uploads\/2025\/04\/Panificio-Antico-Forno-Carbe-Belvedere-SR-047.webp\" class=\"attachment-full size-full\" alt=\"Panificio Antico Forno Carb\u00e8 &#8211; Belvedere (SR) 047\" srcset=\"https:\/\/soluzioneglobale.net\/carbe25\/wp-content\/uploads\/2025\/04\/Panificio-Antico-Forno-Carbe-Belvedere-SR-047.webp 834w, https:\/\/soluzioneglobale.net\/carbe25\/wp-content\/uploads\/2025\/04\/Panificio-Antico-Forno-Carbe-Belvedere-SR-047-300x200.webp 300w, https:\/\/soluzioneglobale.net\/carbe25\/wp-content\/uploads\/2025\/04\/Panificio-Antico-Forno-Carbe-Belvedere-SR-047-768x513.webp 768w, https:\/\/soluzioneglobale.net\/carbe25\/wp-content\/uploads\/2025\/04\/Panificio-Antico-Forno-Carbe-Belvedere-SR-047-600x401.webp 600w\" sizes=\"(max-width: 834px) 100vw, 834px\" \/><\/a>\n\t\t\t<\/div><\/figure><figure class='gallery-item'>\n\t\t\t<div class='gallery-icon landscape'>\n\t\t\t\t<a data-elementor-open-lightbox=\"yes\" data-elementor-lightbox-slideshow=\"47a50b3\" data-elementor-lightbox-title=\"Panificio Antico Forno Carb\u00e8 - Belvedere (SR) 096\" data-e-action-hash=\"#elementor-action%3Aaction%3Dlightbox%26settings%3DeyJpZCI6MTY0NywidXJsIjoiaHR0cHM6XC9cL3NvbHV6aW9uZWdsb2JhbGUubmV0XC9jYXJiZTI1XC93cC1jb250ZW50XC91cGxvYWRzXC8yMDI1XC8wNFwvUGFuaWZpY2lvLUFudGljby1Gb3Juby1DYXJiZS1CZWx2ZWRlcmUtU1ItMDk2LndlYnAiLCJzbGlkZXNob3ciOiI0N2E1MGIzIn0%3D\" href='https:\/\/soluzioneglobale.net\/carbe25\/wp-content\/uploads\/2025\/04\/Panificio-Antico-Forno-Carbe-Belvedere-SR-096.webp'><img decoding=\"async\" width=\"1486\" height=\"991\" src=\"https:\/\/soluzioneglobale.net\/carbe25\/wp-content\/uploads\/2025\/04\/Panificio-Antico-Forno-Carbe-Belvedere-SR-096.webp\" class=\"attachment-full size-full\" alt=\"Panificio Antico Forno Carb\u00e8 &#8211; Belvedere (SR) 096\" srcset=\"https:\/\/soluzioneglobale.net\/carbe25\/wp-content\/uploads\/2025\/04\/Panificio-Antico-Forno-Carbe-Belvedere-SR-096.webp 1486w, https:\/\/soluzioneglobale.net\/carbe25\/wp-content\/uploads\/2025\/04\/Panificio-Antico-Forno-Carbe-Belvedere-SR-096-300x200.webp 300w, https:\/\/soluzioneglobale.net\/carbe25\/wp-content\/uploads\/2025\/04\/Panificio-Antico-Forno-Carbe-Belvedere-SR-096-1024x683.webp 1024w, https:\/\/soluzioneglobale.net\/carbe25\/wp-content\/uploads\/2025\/04\/Panificio-Antico-Forno-Carbe-Belvedere-SR-096-768x512.webp 768w, https:\/\/soluzioneglobale.net\/carbe25\/wp-content\/uploads\/2025\/04\/Panificio-Antico-Forno-Carbe-Belvedere-SR-096-600x400.webp 600w\" sizes=\"(max-width: 1486px) 100vw, 1486px\" \/><\/a>\n\t\t\t<\/div><\/figure>\n\t\t<\/div>\n\t\t<\/div>\n\t\t\t\t\t\t<\/div>\n\t\t\t\t<\/div>\n\t\t<div class=\"elementor-element elementor-element-e4cd48d e-con-full e-flex e-con e-child\" data-id=\"e4cd48d\" data-element_type=\"container\">\n\t\t<div class=\"elementor-element elementor-element-2dd0a9e e-con-full e-flex e-con e-child\" data-id=\"2dd0a9e\" data-element_type=\"container\">\n\t\t\t\t<div class=\"elementor-element elementor-element-376e3df elementor-widget elementor-widget-heading\" data-id=\"376e3df\" data-element_type=\"widget\" data-widget_type=\"heading.default\">\n\t\t\t\t<div class=\"elementor-widget-container\">\n\t\t\t\t\t<h6 class=\"elementor-heading-title elementor-size-default\">La storia<\/h6>\t\t\t\t<\/div>\n\t\t\t\t<\/div>\n\t\t\t\t<div class=\"elementor-element elementor-element-7d65ca3 elementor-widget elementor-widget-image\" data-id=\"7d65ca3\" data-element_type=\"widget\" data-widget_type=\"image.default\">\n\t\t\t\t<div class=\"elementor-widget-container\">\n\t\t\t\t\t\t\t\t\t\t\t\t\t\t\t<img loading=\"lazy\" decoding=\"async\" width=\"1024\" height=\"1024\" src=\"https:\/\/soluzioneglobale.net\/carbe25\/wp-content\/uploads\/2025\/04\/panificio-antico-forno-carbe-Belvedere-SR-005-1-1024x1024.jpg\" class=\"attachment-large size-large wp-image-1418\" alt=\"panificio antico forno carb\u00e8 &#8211; Belvedere (SR) 005\" srcset=\"https:\/\/soluzioneglobale.net\/carbe25\/wp-content\/uploads\/2025\/04\/panificio-antico-forno-carbe-Belvedere-SR-005-1-1024x1024.jpg 1024w, https:\/\/soluzioneglobale.net\/carbe25\/wp-content\/uploads\/2025\/04\/panificio-antico-forno-carbe-Belvedere-SR-005-1-300x300.jpg 300w, https:\/\/soluzioneglobale.net\/carbe25\/wp-content\/uploads\/2025\/04\/panificio-antico-forno-carbe-Belvedere-SR-005-1-150x150.jpg 150w, https:\/\/soluzioneglobale.net\/carbe25\/wp-content\/uploads\/2025\/04\/panificio-antico-forno-carbe-Belvedere-SR-005-1-768x768.jpg 768w, https:\/\/soluzioneglobale.net\/carbe25\/wp-content\/uploads\/2025\/04\/panificio-antico-forno-carbe-Belvedere-SR-005-1-600x600.jpg 600w, https:\/\/soluzioneglobale.net\/carbe25\/wp-content\/uploads\/2025\/04\/panificio-antico-forno-carbe-Belvedere-SR-005-1-100x100.jpg 100w, https:\/\/soluzioneglobale.net\/carbe25\/wp-content\/uploads\/2025\/04\/panificio-antico-forno-carbe-Belvedere-SR-005-1.jpg 1080w\" sizes=\"(max-width: 1024px) 100vw, 1024px\" \/>\t\t\t\t\t\t\t\t\t\t\t\t\t\t\t<\/div>\n\t\t\t\t<\/div>\n\t\t\t\t<\/div>\n\t\t<div class=\"elementor-element elementor-element-a9c5396 e-con-full e-flex e-con e-child\" data-id=\"a9c5396\" data-element_type=\"container\">\n\t\t\t\t<div class=\"elementor-element elementor-element-fa697a4 elementor-widget elementor-widget-text-editor\" data-id=\"fa697a4\" data-element_type=\"widget\" data-widget_type=\"text-editor.default\">\n\t\t\t\t<div class=\"elementor-widget-container\">\n\t\t\t\t\t\t\t\t\t<p>\u00c8 una storia affascinante quella del forno Carb\u00e8, che inizia quando Bartolo, il fratello di mastro Giuseppe, intorno al 1960 comincia a lavorare come garzone nel piccolo panificio di paese. Benvoluto e stimato dai proprietari e dalla gente di Belvedere, ben presto parcheggia la sua bicicletta per iniziare a impastare e infornare, e con l\u2019aiuto dei genitori, persone umili e dal buon cuore, intraprende una nuova avventura. Il panificio, sotto la sua direzione, sforna pane e biscotti per tutte le famiglie del paese. Nel \u201965 nasce il buon Giuseppe che dentro quel forno impara tanto. Impara che per fare del buon pane serve utilizzare materie prime locali e genuine, impara che per cuocere un pane gustoso bisogna alimentare il fuoco con le bucce di mandorla, impara a non avere fretta, perch\u00e9 per un buon pane salutare \u00e8 necessario rispettare una lunga lievitazione, ma soprattutto impara a rispettare la tradizione dell\u2019arte bianca dei panettieri. E divenuto grande, un po\u2019 per caso e un po\u2019 per scelta, nel \u201991 Giuseppe Carb\u00e8 prende le redini del forno e da allora cerca di tracciare una strada che punti solo alla qualit\u00e0. E ogni giorno, con lo stesso entusiasmo, entra nel suo panificio e fa quello che pi\u00f9 gli piace fare: il Pane.<\/p>\t\t\t\t\t\t\t\t<\/div>\n\t\t\t\t<\/div>\n\t\t\t\t<\/div>\n\t\t\t\t<\/div>\n\t\t\t\t<div class=\"elementor-element elementor-element-419c91b gallery-spacing-custom elementor-widget elementor-widget-image-gallery\" data-id=\"419c91b\" data-element_type=\"widget\" data-widget_type=\"image-gallery.default\">\n\t\t\t\t<div class=\"elementor-widget-container\">\n\t\t\t\t\t\t\t<div class=\"elementor-image-gallery\">\n\t\t\t<div id='gallery-2' class='gallery galleryid-1174 gallery-columns-3 gallery-size-full'><figure class='gallery-item'>\n\t\t\t<div class='gallery-icon landscape'>\n\t\t\t\t<a data-elementor-open-lightbox=\"yes\" data-elementor-lightbox-slideshow=\"419c91b\" data-elementor-lightbox-title=\"panificio antico forno carb\u00e8 - Belvedere (SR) 022\" data-e-action-hash=\"#elementor-action%3Aaction%3Dlightbox%26settings%3DeyJpZCI6MTM2OCwidXJsIjoiaHR0cHM6XC9cL3NvbHV6aW9uZWdsb2JhbGUubmV0XC9jYXJiZTI1XC93cC1jb250ZW50XC91cGxvYWRzXC8yMDI1XC8wNFwvcGFuaWZpY2lvLWFudGljby1mb3Juby1jYXJiZS1CZWx2ZWRlcmUtU1ItMDIyLmpwZyIsInNsaWRlc2hvdyI6IjQxOWM5MWIifQ%3D%3D\" href='https:\/\/soluzioneglobale.net\/carbe25\/wp-content\/uploads\/2025\/04\/panificio-antico-forno-carbe-Belvedere-SR-022.jpg'><img loading=\"lazy\" decoding=\"async\" width=\"1080\" height=\"1080\" src=\"https:\/\/soluzioneglobale.net\/carbe25\/wp-content\/uploads\/2025\/04\/panificio-antico-forno-carbe-Belvedere-SR-022.jpg\" class=\"attachment-full size-full\" alt=\"panificio antico forno carb\u00e8 - Belvedere (SR) 024\" srcset=\"https:\/\/soluzioneglobale.net\/carbe25\/wp-content\/uploads\/2025\/04\/panificio-antico-forno-carbe-Belvedere-SR-022.jpg 1080w, https:\/\/soluzioneglobale.net\/carbe25\/wp-content\/uploads\/2025\/04\/panificio-antico-forno-carbe-Belvedere-SR-022-300x300.jpg 300w, https:\/\/soluzioneglobale.net\/carbe25\/wp-content\/uploads\/2025\/04\/panificio-antico-forno-carbe-Belvedere-SR-022-1024x1024.jpg 1024w, https:\/\/soluzioneglobale.net\/carbe25\/wp-content\/uploads\/2025\/04\/panificio-antico-forno-carbe-Belvedere-SR-022-150x150.jpg 150w, https:\/\/soluzioneglobale.net\/carbe25\/wp-content\/uploads\/2025\/04\/panificio-antico-forno-carbe-Belvedere-SR-022-768x768.jpg 768w, https:\/\/soluzioneglobale.net\/carbe25\/wp-content\/uploads\/2025\/04\/panificio-antico-forno-carbe-Belvedere-SR-022-600x600.jpg 600w, https:\/\/soluzioneglobale.net\/carbe25\/wp-content\/uploads\/2025\/04\/panificio-antico-forno-carbe-Belvedere-SR-022-100x100.jpg 100w\" sizes=\"(max-width: 1080px) 100vw, 1080px\" \/><\/a>\n\t\t\t<\/div><\/figure><figure class='gallery-item'>\n\t\t\t<div class='gallery-icon landscape'>\n\t\t\t\t<a data-elementor-open-lightbox=\"yes\" data-elementor-lightbox-slideshow=\"419c91b\" data-elementor-lightbox-title=\"panificio antico forno carb\u00e8 - Belvedere (SR) 023\" data-e-action-hash=\"#elementor-action%3Aaction%3Dlightbox%26settings%3DeyJpZCI6MTM2OSwidXJsIjoiaHR0cHM6XC9cL3NvbHV6aW9uZWdsb2JhbGUubmV0XC9jYXJiZTI1XC93cC1jb250ZW50XC91cGxvYWRzXC8yMDI1XC8wNFwvcGFuaWZpY2lvLWFudGljby1mb3Juby1jYXJiZS1CZWx2ZWRlcmUtU1ItMDIzLmpwZyIsInNsaWRlc2hvdyI6IjQxOWM5MWIifQ%3D%3D\" href='https:\/\/soluzioneglobale.net\/carbe25\/wp-content\/uploads\/2025\/04\/panificio-antico-forno-carbe-Belvedere-SR-023.jpg'><img loading=\"lazy\" decoding=\"async\" width=\"1080\" height=\"1080\" src=\"https:\/\/soluzioneglobale.net\/carbe25\/wp-content\/uploads\/2025\/04\/panificio-antico-forno-carbe-Belvedere-SR-023.jpg\" class=\"attachment-full size-full\" alt=\"panificio antico forno carb\u00e8 - Belvedere (SR) 024\" srcset=\"https:\/\/soluzioneglobale.net\/carbe25\/wp-content\/uploads\/2025\/04\/panificio-antico-forno-carbe-Belvedere-SR-023.jpg 1080w, https:\/\/soluzioneglobale.net\/carbe25\/wp-content\/uploads\/2025\/04\/panificio-antico-forno-carbe-Belvedere-SR-023-300x300.jpg 300w, https:\/\/soluzioneglobale.net\/carbe25\/wp-content\/uploads\/2025\/04\/panificio-antico-forno-carbe-Belvedere-SR-023-1024x1024.jpg 1024w, https:\/\/soluzioneglobale.net\/carbe25\/wp-content\/uploads\/2025\/04\/panificio-antico-forno-carbe-Belvedere-SR-023-150x150.jpg 150w, https:\/\/soluzioneglobale.net\/carbe25\/wp-content\/uploads\/2025\/04\/panificio-antico-forno-carbe-Belvedere-SR-023-768x768.jpg 768w, https:\/\/soluzioneglobale.net\/carbe25\/wp-content\/uploads\/2025\/04\/panificio-antico-forno-carbe-Belvedere-SR-023-600x600.jpg 600w, https:\/\/soluzioneglobale.net\/carbe25\/wp-content\/uploads\/2025\/04\/panificio-antico-forno-carbe-Belvedere-SR-023-100x100.jpg 100w\" sizes=\"(max-width: 1080px) 100vw, 1080px\" \/><\/a>\n\t\t\t<\/div><\/figure><figure class='gallery-item'>\n\t\t\t<div class='gallery-icon landscape'>\n\t\t\t\t<a data-elementor-open-lightbox=\"yes\" data-elementor-lightbox-slideshow=\"419c91b\" data-elementor-lightbox-title=\"panificio antico forno carb\u00e8 - Belvedere (SR) 024\" data-e-action-hash=\"#elementor-action%3Aaction%3Dlightbox%26settings%3DeyJpZCI6MTM3MCwidXJsIjoiaHR0cHM6XC9cL3NvbHV6aW9uZWdsb2JhbGUubmV0XC9jYXJiZTI1XC93cC1jb250ZW50XC91cGxvYWRzXC8yMDI1XC8wNFwvcGFuaWZpY2lvLWFudGljby1mb3Juby1jYXJiZS1CZWx2ZWRlcmUtU1ItMDI0LmpwZyIsInNsaWRlc2hvdyI6IjQxOWM5MWIifQ%3D%3D\" href='https:\/\/soluzioneglobale.net\/carbe25\/wp-content\/uploads\/2025\/04\/panificio-antico-forno-carbe-Belvedere-SR-024.jpg'><img loading=\"lazy\" decoding=\"async\" width=\"1080\" height=\"1080\" src=\"https:\/\/soluzioneglobale.net\/carbe25\/wp-content\/uploads\/2025\/04\/panificio-antico-forno-carbe-Belvedere-SR-024.jpg\" class=\"attachment-full size-full\" alt=\"panificio antico forno carb\u00e8 - Belvedere (SR) 024\" srcset=\"https:\/\/soluzioneglobale.net\/carbe25\/wp-content\/uploads\/2025\/04\/panificio-antico-forno-carbe-Belvedere-SR-024.jpg 1080w, https:\/\/soluzioneglobale.net\/carbe25\/wp-content\/uploads\/2025\/04\/panificio-antico-forno-carbe-Belvedere-SR-024-300x300.jpg 300w, https:\/\/soluzioneglobale.net\/carbe25\/wp-content\/uploads\/2025\/04\/panificio-antico-forno-carbe-Belvedere-SR-024-1024x1024.jpg 1024w, https:\/\/soluzioneglobale.net\/carbe25\/wp-content\/uploads\/2025\/04\/panificio-antico-forno-carbe-Belvedere-SR-024-150x150.jpg 150w, https:\/\/soluzioneglobale.net\/carbe25\/wp-content\/uploads\/2025\/04\/panificio-antico-forno-carbe-Belvedere-SR-024-768x768.jpg 768w, https:\/\/soluzioneglobale.net\/carbe25\/wp-content\/uploads\/2025\/04\/panificio-antico-forno-carbe-Belvedere-SR-024-600x600.jpg 600w, https:\/\/soluzioneglobale.net\/carbe25\/wp-content\/uploads\/2025\/04\/panificio-antico-forno-carbe-Belvedere-SR-024-100x100.jpg 100w\" sizes=\"(max-width: 1080px) 100vw, 1080px\" \/><\/a>\n\t\t\t<\/div><\/figure>\n\t\t<\/div>\n\t\t<\/div>\n\t\t\t\t\t\t<\/div>\n\t\t\t\t<\/div>\n\t\t\t\t<div class=\"elementor-element elementor-element-70506f2 elementor-widget elementor-widget-heading\" data-id=\"70506f2\" data-element_type=\"widget\" data-widget_type=\"heading.default\">\n\t\t\t\t<div class=\"elementor-widget-container\">\n\t\t\t\t\t<h6 class=\"elementor-heading-title elementor-size-default\">La MISSION<\/h6>\t\t\t\t<\/div>\n\t\t\t\t<\/div>\n\t\t\t\t<div class=\"elementor-element elementor-element-a76d6ad elementor-widget elementor-widget-text-editor\" data-id=\"a76d6ad\" data-element_type=\"widget\" data-widget_type=\"text-editor.default\">\n\t\t\t\t<div class=\"elementor-widget-container\">\n\t\t\t\t\t\t\t\t\t<p>Il sapore del pane buono ha radici profonde, un gusto che unisce passione ed esperienza.<br \/>Nel forno Carb\u00e8 ogni prodotto nasce seguendo un solo desiderio: offrire alla nostra gente quello che porteremmo sulla tavola delle nostre famiglie. Perch\u00e9 pensare alle famiglie significa pensare al futuro, a quanto possiamo fare per mantenere viva un\u2019antica tradizione e renderla ancora pi\u00f9 buona.<\/p><p>Siamo panettieri semplici, gente con le mani in pasta da una vita, panificatori che sanno riconoscere la qualit\u00e0 di un prodotto da forno fatto bene perch\u00e9 lasciato lievitare senza alcuna fretta, perch\u00e9 cotto in un antico forno a legna, perch\u00e9 profuma semplicemente di casa, perch\u00e9 appartiene alla tradizione.<\/p><p>Per realizzare tutto questo, ascoltiamo ogni giorno i desideri dei nostri clienti, i loro suggerimenti e le loro critiche. Un dialogo che con il trascorrere del tempo ci ha permesso di differenziare tantissimo la nostra linea di produzione: biscotti per la colazione o da fine pasto, dolci delle feste e per le ricorrenze, rustici, pane integrale, pane di soia, pane all\u2019olio, ma soprattutto tanto pane buono\u2026<\/p>\t\t\t\t\t\t\t\t<\/div>\n\t\t\t\t<\/div>\n\t\t\t\t<\/div>\n\t\t\t\t\t<\/div>\n\t\t\t\t<\/div>\n\t\t<div class=\"elementor-element elementor-element-c98637c e-flex e-con-boxed e-con e-parent\" data-id=\"c98637c\" data-element_type=\"container\">\n\t\t\t\t\t<div class=\"e-con-inner\">\n\t\t<div class=\"elementor-element elementor-element-a74f15e e-con-full e-flex e-con e-child\" data-id=\"a74f15e\" data-element_type=\"container\">\n\t\t<div class=\"elementor-element elementor-element-3b81e30 e-con-full e-flex e-con e-child\" data-id=\"3b81e30\" data-element_type=\"container\">\n\t\t\t\t<div class=\"elementor-element elementor-element-9b52be0 elementor-widget elementor-widget-heading\" data-id=\"9b52be0\" data-element_type=\"widget\" data-widget_type=\"heading.default\">\n\t\t\t\t<div class=\"elementor-widget-container\">\n\t\t\t\t\t<h6 class=\"elementor-heading-title elementor-size-default\">INGREDIENTI<\/h6>\t\t\t\t<\/div>\n\t\t\t\t<\/div>\n\t\t\t\t<div class=\"elementor-element elementor-element-d167835 elementor-widget elementor-widget-image\" data-id=\"d167835\" data-element_type=\"widget\" data-widget_type=\"image.default\">\n\t\t\t\t<div class=\"elementor-widget-container\">\n\t\t\t\t\t\t\t\t\t\t\t\t\t\t\t<img loading=\"lazy\" decoding=\"async\" width=\"1024\" height=\"683\" src=\"https:\/\/soluzioneglobale.net\/carbe25\/wp-content\/uploads\/2025\/04\/Panificio-Antico-Forno-Carbe-Belvedere-SR-034-1024x683.webp\" class=\"attachment-large size-large wp-image-1648\" alt=\"Panificio Antico Forno Carb\u00e8 &#8211; Belvedere (SR) 034\" srcset=\"https:\/\/soluzioneglobale.net\/carbe25\/wp-content\/uploads\/2025\/04\/Panificio-Antico-Forno-Carbe-Belvedere-SR-034-1024x683.webp 1024w, https:\/\/soluzioneglobale.net\/carbe25\/wp-content\/uploads\/2025\/04\/Panificio-Antico-Forno-Carbe-Belvedere-SR-034-300x200.webp 300w, https:\/\/soluzioneglobale.net\/carbe25\/wp-content\/uploads\/2025\/04\/Panificio-Antico-Forno-Carbe-Belvedere-SR-034-768x512.webp 768w, https:\/\/soluzioneglobale.net\/carbe25\/wp-content\/uploads\/2025\/04\/Panificio-Antico-Forno-Carbe-Belvedere-SR-034-600x400.webp 600w, https:\/\/soluzioneglobale.net\/carbe25\/wp-content\/uploads\/2025\/04\/Panificio-Antico-Forno-Carbe-Belvedere-SR-034.webp 1486w\" sizes=\"(max-width: 1024px) 100vw, 1024px\" \/>\t\t\t\t\t\t\t\t\t\t\t\t\t\t\t<\/div>\n\t\t\t\t<\/div>\n\t\t\t\t<\/div>\n\t\t<div class=\"elementor-element elementor-element-b61f402 e-con-full e-flex e-con e-child\" data-id=\"b61f402\" data-element_type=\"container\">\n\t\t\t\t<div class=\"elementor-element elementor-element-b3ad213 elementor-widget elementor-widget-text-editor\" data-id=\"b3ad213\" data-element_type=\"widget\" data-widget_type=\"text-editor.default\">\n\t\t\t\t<div class=\"elementor-widget-container\">\n\t\t\t\t\t\t\t\t\t<p><strong>Farina, acqua, lievito e passione.<\/strong><br \/>Il segreto di tutte le bont\u00e0, dolci e salate, prodotte all\u2019interno del forno Carb\u00e8 sta nel rigoroso rispetto di un severo processo produttivo basato su l\u2019antica tradizione dell\u2019arte panettiera. L\u2019eccellenza di ogni singolo prodotto deriva dalla straordinaria qualit\u00e0 degli ingredienti utilizzati.<\/p><p>Farine di grani antichi siciliani, integrali, ai 5 cereali, di grano duro e grano tenero, tutte rigorosamente macinate a pietra; l\u2019olio extravergine d\u2019oliva; il lievito madre naturale; la purissima acqua di Belvedere, e tantissimi altri elementi provenienti da aziende locali che, come noi, vogliono offrire ad ogni famiglia solo il gusto sano e genuino della tradizione siciliana.<\/p><p>\u00c8 in questo modo che, dal 1960, il \u201cforno di paese\u201d, sforna biscotti, pani e dolci artigianali rinomati in tutta Italia e riconosciuti oggi nella memoria e nella storia dell\u2019arte panettiera siciliana.<\/p>\t\t\t\t\t\t\t\t<\/div>\n\t\t\t\t<\/div>\n\t\t\t\t<\/div>\n\t\t\t\t<\/div>\n\t\t\t\t\t<\/div>\n\t\t\t\t<\/div>\n\t\t\t\t<\/div>\n\t\t","protected":false},"excerpt":{"rendered":"<p>Il forno Panificio artigianale a Belvedere (SR) Nel piccolo borgo di Belvedere, il panificio artigianale Carb\u00e8 offre l\u2019opportunit\u00e0 di gustare pane, biscotti, e dolci della tradizione di prima qualit\u00e0 grazie all\u2019utilizzo di grani antichi, ingredienti genuini e dalla filiera corta, lavorati artigianalmente con attenzione e amore, nel totale rispetto delle regole della tradizione. La storia [&hellip;]<\/p>\n","protected":false},"author":1,"featured_media":0,"parent":0,"menu_order":0,"comment_status":"closed","ping_status":"closed","template":"","meta":{"site-sidebar-layout":"no-sidebar","site-content-layout":"page-builder","ast-site-content-layout":"","site-content-style":"default","site-sidebar-style":"default","ast-global-header-display":"","ast-banner-title-visibility":"","ast-main-header-display":"","ast-hfb-above-header-display":"","ast-hfb-below-header-display":"","ast-hfb-mobile-header-display":"","site-post-title":"disabled","ast-breadcrumbs-content":"disabled","ast-featured-img":"disabled","footer-sml-layout":"","theme-transparent-header-meta":"default","adv-header-id-meta":"","stick-header-meta":"","header-above-stick-meta":"","header-main-stick-meta":"","header-below-stick-meta":"","astra-migrate-meta-layouts":"default","ast-page-background-enabled":"default","ast-page-background-meta":{"desktop":{"background-color":"var(--ast-global-color-4)","background-image":"","background-repeat":"repeat","background-position":"center center","background-size":"auto","background-attachment":"scroll","background-type":"","background-media":"","overlay-type":"","overlay-color":"","overlay-opacity":"","overlay-gradient":""},"tablet":{"background-color":"","background-image":"","background-repeat":"repeat","background-position":"center center","background-size":"auto","background-attachment":"scroll","background-type":"","background-media":"","overlay-type":"","overlay-color":"","overlay-opacity":"","overlay-gradient":""},"mobile":{"background-color":"","background-image":"","background-repeat":"repeat","background-position":"center center","background-size":"auto","background-attachment":"scroll","background-type":"","background-media":"","overlay-type":"","overlay-color":"","overlay-opacity":"","overlay-gradient":""}},"ast-content-background-meta":{"desktop":{"background-color":"var(--ast-global-color-5)","background-image":"","background-repeat":"repeat","background-position":"center center","background-size":"auto","background-attachment":"scroll","background-type":"","background-media":"","overlay-type":"","overlay-color":"","overlay-opacity":"","overlay-gradient":""},"tablet":{"background-color":"var(--ast-global-color-5)","background-image":"","background-repeat":"repeat","background-position":"center center","background-size":"auto","background-attachment":"scroll","background-type":"","background-media":"","overlay-type":"","overlay-color":"","overlay-opacity":"","overlay-gradient":""},"mobile":{"background-color":"var(--ast-global-color-5)","background-image":"","background-repeat":"repeat","background-position":"center center","background-size":"auto","background-attachment":"scroll","background-type":"","background-media":"","overlay-type":"","overlay-color":"","overlay-opacity":"","overlay-gradient":""}},"footnotes":""},"class_list":["post-1174","page","type-page","status-publish","hentry"],"_links":{"self":[{"href":"https:\/\/soluzioneglobale.net\/carbe25\/wp-json\/wp\/v2\/pages\/1174","targetHints":{"allow":["GET"]}}],"collection":[{"href":"https:\/\/soluzioneglobale.net\/carbe25\/wp-json\/wp\/v2\/pages"}],"about":[{"href":"https:\/\/soluzioneglobale.net\/carbe25\/wp-json\/wp\/v2\/types\/page"}],"author":[{"embeddable":true,"href":"https:\/\/soluzioneglobale.net\/carbe25\/wp-json\/wp\/v2\/users\/1"}],"replies":[{"embeddable":true,"href":"https:\/\/soluzioneglobale.net\/carbe25\/wp-json\/wp\/v2\/comments?post=1174"}],"version-history":[{"count":16,"href":"https:\/\/soluzioneglobale.net\/carbe25\/wp-json\/wp\/v2\/pages\/1174\/revisions"}],"predecessor-version":[{"id":2031,"href":"https:\/\/soluzioneglobale.net\/carbe25\/wp-json\/wp\/v2\/pages\/1174\/revisions\/2031"}],"wp:attachment":[{"href":"https:\/\/soluzioneglobale.net\/carbe25\/wp-json\/wp\/v2\/media?parent=1174"}],"curies":[{"name":"wp","href":"https:\/\/api.w.org\/{rel}","templated":true}]}}